{"id":718,"date":"2021-04-03T19:37:38","date_gmt":"2021-04-03T17:37:38","guid":{"rendered":"podlove-2021-04-03t17:36:50+00:00-06107f268e8bacc"},"modified":"2021-04-03T19:52:52","modified_gmt":"2021-04-03T17:52:52","slug":"die-frustrierende-suche-nach-gott-oder-was-sucht-ihr-den-lebenden-bei-den-toten","status":"publish","type":"podcast","link":"https:\/\/zellgemeinde-bremen.de\/podcast\/predigten\/2021\/04\/03\/die-frustrierende-suche-nach-gott-oder-was-sucht-ihr-den-lebenden-bei-den-toten\/","title":{"rendered":"Die frustrierende Suche nach Gott | oder: Was sucht ihr den Lebenden bei den Toten?"},"content":{"rendered":"\n\t\t\n            <div class=\"podlove-web-player intrinsic-ignore podlove-web-player-loading\" id=\"player-69f1f574c3a2f\"><root data-test=\"player--xl\" style=\"max-width:950px;min-width:260px;\">\n  <div class=\"tablet:px-6 tablet:pt-6 mobile:px-4 mobile:pt-4 flex flex-col\">\n    <div class=\"flex-col items-center mobile:flex tablet:hidden\">\n      <show-title class=\"text-sm\"><\/show-title>\n      <episode-title class=\"text-base mb-2\"><\/episode-title>\n      <subscribe-button class=\"mb-4 mobile:flex tablet:hidden\"><\/subscribe-button>\n      <poster class=\"rounded-sm w-48 shadow overflow-hidden\"><\/poster>\n      <divider class=\"w-full my-6\"><\/divider>\n    <\/div>\n\n    <div class=\"tablet:flex flex-grow\">\n      <div class=\"w-64 mobile:hidden tablet:block tablet:mr-6\">\n        <poster class=\"rounded-sm shadow overflow-hidden\"><\/poster>\n      <\/div>\n      <div class=\"w-full\">\n        <div class=\"hidden tablet:block\">\n          <show-title class=\"text-base\"><\/show-title>\n          <episode-title class=\"text-xl desktop:text-2xl\"><\/episode-title>\n          <divider class=\"w-full my-4\"><\/divider>\n        <\/div>\n        <div class=\"flex items-center justify-between\">\n          <div class=\"block\">\n            <play-state on=\"active\">\n              <speed-control class=\"flex items-center\"><\/speed-control>\n            <\/play-state>\n          <\/div>\n\n          <div class=\"flex\">\n            <play-state on=\"active\">\n              <chapter-previous class=\"mx-2 block\"><\/chapter-previous>\n            <\/play-state>\n            <play-state on=\"active\">\n              <step-backward class=\"mx-2 block\"><\/step-backward>\n            <\/play-state>\n\n            <play-button class=\"mx-2 block\" :label=\"$t('PLAYER.PLAY_EPISODE')\"><\/play-button>\n\n            <play-state on=\"active\">\n              <step-forward class=\"mx-2 block\"><\/step-forward>\n            <\/play-state>\n            <play-state on=\"active\">\n              <chapter-next class=\"mx-2 block\"><\/chapter-next>\n            <\/play-state>\n          <\/div>\n\n          <div class=\"block\">\n            <play-state on=\"active\">\n              <volume-control class=\"flex items-center\"><\/volume-control>\n            <\/play-state>\n          <\/div>\n        <\/div>\n        <div class=\"flex w-full\">\n          <progress-bar><\/progress-bar>\n        <\/div>\n        <div class=\"flex w-full -mt-2\">\n          <div class=\"w-3\/12 text-left\">\n            <timer-current class=\"text-sm\"><\/timer-current>\n          <\/div>\n          <div class=\"w-6\/12 text-center truncate\">\n            <play-state on=\"active\">\n              <current-chapter class=\"text-sm\"><\/current-chapter>\n            <\/play-state>\n          <\/div>\n          <div class=\"w-3\/12 text-right\">\n            <timer-duration class=\"text-sm\"><\/timer-duration>\n          <\/div>\n        <\/div>\n      <\/div>\n    <\/div>\n    <divider class=\"w-full mt-6 mb-3\"><\/divider>\n    <div class=\"flex justify-between\">\n      <div class=\"flex mobile:w-full tablet:w-3\/12 desktop:w-3\/12 justify-between\">\n        <tab-trigger tab=\"chapters\">\n          <icon type=\"chapter\"><\/icon>\n        <\/tab-trigger>\n        <tab-trigger tab=\"transcripts\">\n          <icon type=\"transcripts\"><\/icon>\n        <\/tab-trigger>\n        <tab-trigger tab=\"files\">\n          <icon type=\"download\"><\/icon>\n        <\/tab-trigger>\n        <tab-trigger tab=\"playlist\">\n          <icon type=\"playlist\"><\/icon>\n        <\/tab-trigger>\n        <tab-trigger tab=\"share\">\n          <icon type=\"share\"><\/icon>\n        <\/tab-trigger>\n      <\/div>\n      <subscribe-button class=\"mt-1 mobile:hidden tablet:flex\"><\/subscribe-button>\n    <\/div>\n  <\/div>\n  <div class=\"w-full relative overflow-hidden\">\n    <tab name=\"chapters\">\n      <tab-chapters><\/tab-chapters>\n    <\/tab>\n    <tab name=\"transcripts\">\n      <tab-transcripts><\/tab-transcripts>\n    <\/tab>\n    <tab name=\"files\">\n      <tab-files><\/tab-files>\n    <\/tab>\n    <tab name=\"playlist\">\n      <tab-playlist><\/tab-playlist>\n    <\/tab>\n    <tab name=\"share\">\n      <tab-share><\/tab-share>\n    <\/tab>\n    <tab-overflow><\/tab-overflow>\n  <\/div>\n  <error><\/error>\n<\/root>\n<\/div>\n            <script>\n              document.addEventListener(\"DOMContentLoaded\", function() {\n                var player = document.getElementById(\"player-69f1f574c3a2f\");\n                podlovePlayerCache.add([{\"url\":\"https:\\\/\\\/zellgemeinde-bremen.de\\\/podcast\\\/predigten\\\/wp-json\\\/podlove-web-player\\\/shortcode\\\/publisher\\\/718\",\"data\":{\"version\":5,\"show\":{\"title\":\"Predigten aus der Zellgemeinde Bremen\",\"subtitle\":\"Gemeinsam Jesus folgen\",\"summary\":\"Die Zellgemeinde versammelt sich sonntags im Konsul-Hackfeld-Haus. Wir verstehen uns als Netzwerkkirche, die sich in der Woche stadtweit in kleinen Gruppen trifft und mit ihren Ressourcen in das soziale und kulturelle Leben ihrer Umgebung einbringt.\",\"poster\":\"https:\\\/\\\/zellgemeinde-bremen.de\\\/podcast\\\/predigten\\\/podlove\\\/image\\\/68747470733a2f2f7a656c6c67656d65696e64652d6272656d656e2e64652f706f64636173742f70726564696774656e2f77702d636f6e74656e742f75706c6f6164732f73697465732f322f4272655a656c6c5f323031385f506f64636173742e6a7067\\\/500\\\/0\\\/0\\\/predigten-aus-der-zellgemeinde-bremen\",\"link\":\"https:\\\/\\\/zellgemeinde-bremen.de\\\/podcast\\\/predigten\"},\"title\":\"Die frustrierende Suche nach Gott | oder: Was sucht ihr den Lebenden bei den Toten?\",\"subtitle\":\"Jens Stangenberg\",\"summary\":\"\",\"publicationDate\":\"2021-04-03T19:37:38+02:00\",\"duration\":\"00:41:26.280\",\"poster\":\"https:\\\/\\\/zellgemeinde-bremen.de\\\/podcast\\\/predigten\\\/podlove\\\/image\\\/68747470733a2f2f7a656c6c67656d65696e64652d6272656d656e2e64652f706f64636173742f70726564696774656e2f77702d636f6e74656e742f75706c6f6164732f73697465732f322f4272655a656c6c5f323031385f506f64636173742e6a7067\\\/500\\\/0\\\/0\\\/predigten-aus-der-zellgemeinde-bremen\",\"link\":\"https:\\\/\\\/zellgemeinde-bremen.de\\\/podcast\\\/predigten\\\/2021\\\/04\\\/03\\\/die-frustrierende-suche-nach-gott-oder-was-sucht-ihr-den-lebenden-bei-den-toten\\\/\",\"chapters\":[],\"audio\":[{\"url\":\"https:\\\/\\\/zellgemeinde-bremen.de\\\/podcast\\\/predigten\\\/podlove\\\/file\\\/283\\\/s\\\/webplayer\\\/c\\\/website\\\/2021-04-04_Lebender-bei-den-Toten.mp3\",\"size\":\"29835648\",\"title\":\"MP3 Audio (mp3)\",\"mimeType\":\"audio\\\/mpeg\"}],\"files\":[{\"url\":\"https:\\\/\\\/zellgemeinde-bremen.de\\\/podcast\\\/predigten\\\/podlove\\\/file\\\/283\\\/s\\\/webplayer\\\/2021-04-04_Lebender-bei-den-Toten.mp3\",\"size\":\"29835648\",\"title\":\"MP3 Audio\",\"mimeType\":\"audio\\\/mpeg\"}],\"contributors\":[]}}, {\"url\":\"https:\\\/\\\/zellgemeinde-bremen.de\\\/podcast\\\/predigten\\\/wp-json\\\/podlove-web-player\\\/shortcode\\\/config\\\/default\\\/theme\\\/default\",\"data\":{\"activeTab\":\"chapters\",\"subscribe-button\":null,\"share\":{\"channels\":[\"facebook\",\"twitter\",\"whats-app\",\"linkedin\",\"pinterest\",\"xing\",\"mail\",\"link\"],\"outlet\":\"https:\\\/\\\/zellgemeinde-bremen.de\\\/podcast\\\/predigten\\\/wp-content\\\/plugins\\\/podlove-web-player\\\/web-player\\\/share.html\",\"sharePlaytime\":true},\"related-episodes\":{\"source\":\"disabled\",\"value\":null},\"version\":5,\"theme\":{\"tokens\":{\"brand\":\"#eeeeee\",\"brandDark\":\"#6D6D6D\",\"brandDarkest\":\"#484848\",\"brandLightest\":\"#EEEEEE\",\"shadeDark\":\"#807E7C\",\"shadeBase\":\"#807E7C\",\"contrast\":\"#000\",\"alt\":\"#fff\"},\"fonts\":{\"ci\":{\"name\":\"ci\",\"family\":[\"-apple-system\",\"BlinkMacSystemFont\",\"Segoe UI\",\"Roboto\",\"Helvetica\",\"Arial\",\"sans-serif\",\"Apple Color Emoji\",\"Segoe UI Emoji\\\", \\\"Segoe UI Symbol\"],\"src\":[],\"weight\":800},\"regular\":{\"name\":\"regular\",\"family\":[\"-apple-system\",\"BlinkMacSystemFont\",\"Segoe UI\",\"Roboto\",\"Helvetica\",\"Arial\",\"sans-serif\",\"Apple Color Emoji\",\"Segoe UI Emoji\\\", \\\"Segoe UI Symbol\"],\"src\":[],\"weight\":300},\"bold\":{\"name\":\"bold\",\"family\":[\"-apple-system\",\"BlinkMacSystemFont\",\"Segoe UI\",\"Roboto\",\"Helvetica\",\"Arial\",\"sans-serif\",\"Apple Color Emoji\",\"Segoe UI Emoji\\\", \\\"Segoe UI Symbol\"],\"src\":[],\"weight\":700}}},\"base\":\"https:\\\/\\\/zellgemeinde-bremen.de\\\/podcast\\\/predigten\\\/wp-content\\\/plugins\\\/podlove-web-player\\\/web-player\\\/\"}}]);\n                podlovePlayer(player, \"https:\/\/zellgemeinde-bremen.de\/podcast\/predigten\/wp-json\/podlove-web-player\/shortcode\/publisher\/718\", \"https:\/\/zellgemeinde-bremen.de\/podcast\/predigten\/wp-json\/podlove-web-player\/shortcode\/config\/default\/theme\/default\").then(function() {\n                  player && player.classList.remove(\"podlove-web-player-loading\");\n                });\n              });\n            <\/script>\n            <style>\n              .podlove-web-player.podlove-web-player-loading {\n                opacity: 0;\n              }\n            <\/style>\n        \n\n\t\t\t\t\t\t\n\n\t<div class=\"podlove-contributors-cards\">\n\t\t\t<\/div>\n\n\t<style>\n\t\t.podlove-contributors-cards {\n\t\t\tmargin-bottom: 1rem;\n\t\t\tbackground: white;\n\t\t\toverflow: hidden;\n\t\t\tborder-radius: 0.375rem;\n\t\t\tbox-shadow: 0 1px 3px 0 rgba(0, 0, 0, 0.1), 0 1px 2px 0 rgba(0, 0, 0, 0.06);\n\t\t}\n\t\t.podlove-contributors-card {\n\t\t\tdisplay: flex;\n\t\t\talign-items: center;\n\t\t\tpadding: 1rem 1.5rem\n\t\t}\n\t\t.podlove-contributors-card-inner {\n\t\t\tdisplay: flex;\n\t\t\talign-items: center;\n\t\t\tflex: 1 1 0;\n\t\t\tmin-width: 0;\n\t\t}\n\t\t.podlove-contributors-card-avatar {\n\t\t\twidth: 50px;\n\t\t\theight: 50px;\n\t\t\tborder-radius: 0.25rem;\n\t\t\toverflow: hidden;\n\t\t\tflex-shrink: 0;\n\t\t}\n\t\t.podlove-contributors-card-person {\n\t\t\tflex: 1 1 0;\n\t\t\tmin-width: 0;\n\t\t\tpadding: 0 1rem;\n\t\t\tdisplay: grid;\n\t\t\tgrid-template-columns: repeat(2, minmax(0, 1fr));\n\t\t\tgap: 1rem;\n\t\t}\n\t\t.podlove-contributors-card-person-details {\n\t\t\tcolor: #999\n\t\t}\n\t\t.podlove-contributors-card-services {\n\t\t\tflex-wrap: wrap;\n\t\t\tdisplay: flex;\n\t\t\talign-items: center;\n\t\t\talign-content: center;\n\t\t\tjustify-content: flex-end;\n\t\t}\n\t\t.podlove-contributors-card-services-service {\n\t\t\tdisplay: inline-block;\n\t\t\tflex-shrink: 0;\n\t\t\tpadding-left: 0.5rem;\n\t\t\ttext-decoration: none;\n\t\t\tbox-shadow: none;\n\t\t}\n\t<\/style>\n\n\n\t\n\n<p>Jens Stangenberg<\/p>\n\n\n\n<h3 class=\"wp-block-heading\">Predigttext:<\/h3>\n\n\n\n<p><em>Lk.24,1 (LU)&nbsp;Aber am ersten Tag der Woche sehr fr\u00fch kamen sie zum Grab und trugen bei sich die wohlriechenden \u00d6le, die sie bereitet hatten.<br>2&nbsp;Sie fanden aber den Stein weggew\u00e4lzt von dem Grab<br>3&nbsp;und gingen hinein und fanden den Leib des Herrn Jesus nicht.<br>4&nbsp;Und als sie dar\u00fcber ratlos waren, siehe, da traten zu ihnen zwei M\u00e4nner in gl\u00e4nzenden Kleidern.<br>5&nbsp;Sie aber erschraken und neigten ihr Angesicht zur Erde. Da sprachen die zu ihnen: Was sucht ihr den Lebenden bei den Toten?<br>6&nbsp;Er ist nicht hier, er ist auferstanden. Gedenkt daran, wie er euch gesagt hat, als er noch in Galil\u00e4a war<br>7&nbsp;und sprach: Der Menschensohn muss \u00fcberantwortet werden in die H\u00e4nde der S\u00fcnder und gekreuzigt werden und am dritten Tage auferstehen.<br>8&nbsp;Und sie gedachten an seine Worte.<br>9&nbsp;Und sie gingen wieder weg vom Grab und verk\u00fcndigten das alles den Elf und allen andern J\u00fcngern.<br>10&nbsp;Es waren aber Maria Magdalena und Johanna und Maria, des Jakobus Mutter, und die andern Frauen mit ihnen; die sagten das den Aposteln.<br>11&nbsp;Und es erschienen ihnen diese Worte, als w\u00e4r&#8217;s Geschw\u00e4tz, und sie glaubten ihnen nicht.<br>12&nbsp;Petrus aber stand auf und lief zum Grab und b\u00fcckte sich hinein und sah nur die Leinent\u00fccher und ging davon und wunderte sich \u00fcber das, was geschehen war.<\/em><\/p>\n\n\n\n<h3 class=\"wp-block-heading\" id=\"block-991eefdc-1abd-496f-87b5-bbf71bc9c431\">Predigtnotizen:<\/h3>\n\n\n\n<p><strong>Die Ausgangslage: Religi\u00f6ses Geschw\u00e4tz<\/strong><br>Die Berichte von der Auferstehung gelten als religi\u00f6ses Gerede.<\/p>\n\n\n\n<p><strong>1) Es ist eine Suchgeschichte<\/strong><\/p>\n\n\n\n<ul class=\"wp-block-list\"><li>Wer Gott finden will, muss zun\u00e4chst suchen<\/li><li>Mit der Suche kann Frustration verbunden sein&#8230;<\/li><\/ul>\n\n\n\n<p><br><strong>2) Suche Jesus nicht in einer toten Religiosit\u00e4t<\/strong><\/p>\n\n\n\n<ul class=\"wp-block-list\"><li>Leben in der Vergangenheit<\/li><li>Eine bedr\u00fcckende Atmosph\u00e4re<\/li><li>Kirchengeb\u00e4ude aus Steinen<\/li><li>Heilige Gegenst\u00e4nde<\/li><li>Salbungsvolles Getue<br><\/li><\/ul>\n\n\n\n<p><strong>3) Finde den Auferstandenen<\/strong><\/p>\n\n\n\n<ul class=\"wp-block-list\"><li>Jesus bewegt sich, ohne uns zu fragen<\/li><li>Jesus entzieht sich unserem Zugriff<\/li><li>Jesus sendet uns Boten, um ihn zu finden<\/li><li>Jesus ist uns n\u00e4her als wir denken<\/li><li>Jesus offenbart sich, wieder und wieder, aber wo und wann er will<\/li><\/ul>\n","protected":false},"author":1,"featured_media":0,"template":"","meta":{"footnotes":""},"categories":[],"tags":[],"class_list":["post-718","podcast","type-podcast","status-publish","hentry","post"],"_links":{"self":[{"href":"https:\/\/zellgemeinde-bremen.de\/podcast\/predigten\/wp-json\/wp\/v2\/episodes\/718","targetHints":{"allow":["GET"]}}],"collection":[{"href":"https:\/\/zellgemeinde-bremen.de\/podcast\/predigten\/wp-json\/wp\/v2\/episodes"}],"about":[{"href":"https:\/\/zellgemeinde-bremen.de\/podcast\/predigten\/wp-json\/wp\/v2\/types\/podcast"}],"author":[{"embeddable":true,"href":"https:\/\/zellgemeinde-bremen.de\/podcast\/predigten\/wp-json\/wp\/v2\/users\/1"}],"version-history":[{"count":4,"href":"https:\/\/zellgemeinde-bremen.de\/podcast\/predigten\/wp-json\/wp\/v2\/episodes\/718\/revisions"}],"predecessor-version":[{"id":723,"href":"https:\/\/zellgemeinde-bremen.de\/podcast\/predigten\/wp-json\/wp\/v2\/episodes\/718\/revisions\/723"}],"wp:attachment":[{"href":"https:\/\/zellgemeinde-bremen.de\/podcast\/predigten\/wp-json\/wp\/v2\/media?parent=718"}],"wp:term":[{"taxonomy":"category","embeddable":true,"href":"https:\/\/zellgemeinde-bremen.de\/podcast\/predigten\/wp-json\/wp\/v2\/categories?post=718"},{"taxonomy":"post_tag","embeddable":true,"href":"https:\/\/zellgemeinde-bremen.de\/podcast\/predigten\/wp-json\/wp\/v2\/tags?post=718"}],"curies":[{"name":"wp","href":"https:\/\/api.w.org\/{rel}","templated":true}]}}